{"id":7470,"date":"2024-11-15T11:38:52","date_gmt":"2024-11-15T11:38:52","guid":{"rendered":"https:\/\/pinacotecabrera.org\/?post_type=mostra&#038;p=7470"},"modified":"2024-11-24T10:49:23","modified_gmt":"2024-11-24T10:49:23","slug":"giovanni-bellini-la-nascita-della-pittura-devozionale-umanistica","status":"publish","type":"mostra","link":"https:\/\/pinacotecabrera.org\/en\/news\/mostra\/giovanni-bellini-la-nascita-della-pittura-devozionale-umanistica\/","title":{"rendered":"Giovanni Bellini. La nascita della pittura devozionale umanistica"},"content":{"rendered":"\n<div class=\"wp-block-group alignfull padding vertical-padding bg-one is-layout-constrained wp-block-group-is-layout-constrained\">\n<div class=\"wp-block-group alignwide visita-title is-layout-flow wp-block-group-is-layout-flow\">\n<div class=\"wp-block-columns is-layout-flex wp-container-core-columns-is-layout-9d6595d7 wp-block-columns-is-layout-flex\">\n<div class=\"wp-block-column is-layout-flow wp-block-column-is-layout-flow\"><section  class=\"h-full\">\n    <div id=\"mostre-title\" class=\"flex items-center justify-center h-full\"> \n        <div class=\"text-center\">\n            <span class=\"font-pinacoteca-heading uppercase mb-2 block\">Exhibition<\/span>\n            <h1 class=\"text-center mb-6\">Giovanni Bellini. La nascita della pittura devozionale umanistica<\/h1>\n            <span class=\"font-bold block\">Dal 9 aprile al 31 maggio 2014<\/span>\n            <span class=\"font-bold block\"><\/span>\n        <\/div>\n    <\/div>\n<\/section>\n<\/div>\n\n\n\n<div class=\"wp-block-column is-layout-flow wp-block-column-is-layout-flow\"><figure style=\"aspect-ratio:1;\" class=\"wp-block-post-featured-image\"><img loading=\"lazy\" decoding=\"async\" width=\"2304\" height=\"1824\" src=\"https:\/\/pinacotecabrera.org\/wp-content\/uploads\/2024\/11\/Pieta_Bellini.jpg\" class=\"attachment-post-thumbnail size-post-thumbnail wp-post-image\" alt=\"La Piet\u00e0 di Bellini\" style=\"width:100%;height:100%;object-fit:cover;\" srcset=\"https:\/\/pinacotecabrera.org\/wp-content\/uploads\/2024\/11\/Pieta_Bellini.jpg 2304w, https:\/\/pinacotecabrera.org\/wp-content\/uploads\/2024\/11\/Pieta_Bellini-300x238.jpg 300w, https:\/\/pinacotecabrera.org\/wp-content\/uploads\/2024\/11\/Pieta_Bellini-1024x811.jpg 1024w, https:\/\/pinacotecabrera.org\/wp-content\/uploads\/2024\/11\/Pieta_Bellini-768x608.jpg 768w, https:\/\/pinacotecabrera.org\/wp-content\/uploads\/2024\/11\/Pieta_Bellini-1536x1216.jpg 1536w, https:\/\/pinacotecabrera.org\/wp-content\/uploads\/2024\/11\/Pieta_Bellini-2048x1621.jpg 2048w\" sizes=\"auto, (max-width: 2304px) 100vw, 2304px\" \/><\/figure><\/div>\n<\/div>\n<\/div>\n\n\n\n<div class=\"wp-block-group alignwide vertical-padding is-layout-flow wp-block-group-is-layout-flow\">\n<div class=\"wp-block-columns is-layout-flex wp-container-core-columns-is-layout-9d6595d7 wp-block-columns-is-layout-flex\">\n<div class=\"wp-block-column is-layout-flow wp-block-column-is-layout-flow\" style=\"flex-basis:50%\">\n<h4 class=\"wp-block-heading\" style=\"margin-bottom:var(--wp--preset--spacing--40)\">Una straordinaria mostra di capolavori su tavola che ripercorre la carriera di Giovanni Bellini, grande protagonista dell\u2019arte rinascimentale italiana, e approfondisce il tema del Cristo in piet\u00e0.<\/h4>\n\n\n\n<p>Il restauro della celebre <em>Piet\u00e0<\/em> di Giovanni Bellini, appartenente alla Pinacoteca di Brera, \u00e8 l\u2019occasione per ripercorrere la prima arriera del pittore veneziano, grande protagonista dell\u2019arte rinascimentale italiana, attraverso il particolare angolo di visuale offerto dal suo modo di affrontare il tema del Cristo in piet\u00e0, che ricorre con frequenza nella produzione dell\u2019artista e della sua efficientissima bottega. Giovanni Bellini sviluppa in senso moderno la tradizione iconografica bizantina , richiamata in mostra dalla piccola tavola con <em>Cristo in piet\u00e0 con la Vergine dolente<\/em> del Museo Horne di Firenze (prima met\u00e0 del XIV secolo). Da inventari superstiti sappiamo infatti che nella citt\u00e0 lagunare le icone di Cristo erano una presenza familiare nelle case e nei conventi ed erano dunque parte integrante delle consuetudini visive degli artisti veneziani. Un importante codice della Biblioteca Trivulziana di Milano, l\u2019<em>Istrias<\/em>, composizione poetica dell\u2019umanista veneziano Raffaele Zovenzoni, che vi \u00e8 ritratto in una miniatura (1474) attribuita allo stesso Giovanni Bellini, vuole documentare l\u2019ambiente culturale veneziano nel quale si trov\u00f2 ad operare il pittore.<\/p>\n<\/div>\n\n\n\n<div class=\"wp-block-column is-layout-flow wp-block-column-is-layout-flow\" style=\"flex-basis:50%\"><\/div>\n<\/div>\n\n\n\n<div class=\"wp-block-columns is-layout-flex wp-container-core-columns-is-layout-3784d9d3 wp-block-columns-is-layout-flex\" style=\"margin-top:var(--wp--preset--spacing--60)\">\n<div class=\"wp-block-column is-layout-flow wp-block-column-is-layout-flow\" style=\"flex-basis:40%\">\n<figure class=\"wp-block-image size-full\"><img loading=\"lazy\" decoding=\"async\" width=\"612\" height=\"800\" src=\"https:\/\/pinacotecabrera.org\/wp-content\/uploads\/2024\/11\/SCHIAVONE-Cristo-in-pieta-e-angeli-Londra-National-Gallery.jpg\" alt=\"Giorgio Culinovic detto Lo Schiavone, Cristo in piet\u00e0 e angeli\" class=\"wp-image-7473\" srcset=\"https:\/\/pinacotecabrera.org\/wp-content\/uploads\/2024\/11\/SCHIAVONE-Cristo-in-pieta-e-angeli-Londra-National-Gallery.jpg 612w, https:\/\/pinacotecabrera.org\/wp-content\/uploads\/2024\/11\/SCHIAVONE-Cristo-in-pieta-e-angeli-Londra-National-Gallery-230x300.jpg 230w\" sizes=\"auto, (max-width: 612px) 100vw, 612px\" \/><figcaption class=\"wp-element-caption\">Giorgio Culinovic detto Lo Schiavone, <em>Cristo in piet\u00e0 e angeli<\/em> (1456 ca.). Tempera su tavola, 37,5\u00d726 cm. Londra, The National Gallery<br><\/figcaption><\/figure>\n<\/div>\n\n\n\n<div class=\"wp-block-column is-layout-flow wp-block-column-is-layout-flow\" style=\"flex-basis:40%\">\n<figure class=\"wp-block-image size-full\"><img loading=\"lazy\" decoding=\"async\" width=\"612\" height=\"800\" src=\"https:\/\/pinacotecabrera.org\/wp-content\/uploads\/2024\/11\/MANTEGNA-Cristo-in-pieta-sorretto-dalla-Madonna-Maria-Maddalena-e-san-Giovanni-Evangelista-Venezia-Gallerie-Accademia.jpg\" alt=\"Andrea Mantegna, Cristo in piet\u00e0 sorretto dalla Madonna, Maria Maddalena e san Giovanni Evangelista\" class=\"wp-image-7475\" srcset=\"https:\/\/pinacotecabrera.org\/wp-content\/uploads\/2024\/11\/MANTEGNA-Cristo-in-pieta-sorretto-dalla-Madonna-Maria-Maddalena-e-san-Giovanni-Evangelista-Venezia-Gallerie-Accademia.jpg 612w, https:\/\/pinacotecabrera.org\/wp-content\/uploads\/2024\/11\/MANTEGNA-Cristo-in-pieta-sorretto-dalla-Madonna-Maria-Maddalena-e-san-Giovanni-Evangelista-Venezia-Gallerie-Accademia-230x300.jpg 230w\" sizes=\"auto, (max-width: 612px) 100vw, 612px\" \/><figcaption class=\"wp-element-caption\">Andrea Mantegna, <em>Cristo in piet\u00e0 sorretto dalla Madonna, Maria Maddalena e san Giovanni Evangelista<\/em> (1457 ca.). Penna e inchiostro bruno, controfondato, 12,7\u00d79,8 cm. Venezia, Gallerie dell\u2019Accademia, Gabinetto dei Disegni e Stampe<br><\/figcaption><\/figure>\n<\/div>\n\n\n\n<div class=\"wp-block-column is-layout-flow wp-block-column-is-layout-flow\" style=\"flex-basis:20%\"><\/div>\n<\/div>\n\n\n\n<div class=\"wp-block-columns is-layout-flex wp-container-core-columns-is-layout-9d6595d7 wp-block-columns-is-layout-flex\">\n<div class=\"wp-block-column is-layout-flow wp-block-column-is-layout-flow\" style=\"flex-basis:50%\">\n<p><strong>Sono presentate la Piet\u00e0 marmorea della chiesa di San Gaetano a Padova<\/strong>, attribuita all&#8217;ambito di Donatello, e <strong>quella di Andrea Mantegna dalla cimasa del polittico padovano di San Luca (Pinacoteca di Brera)<\/strong>, riferimenti per le pi\u00f9 antiche realizzazioni belliniane del tema, <strong>la lunetta con la <em>Piet\u00e0<\/em> di uno dei trittici di Santa Maria della Carit\u00e0 a Venezia<\/strong> (Gallerie dell\u2019Accademia), la Piet\u00e0 dell\u2019Accademia Carrara di Bergamo e la Piet\u00e0 del Museo Correr di Venezia. Dalla<strong> National Gallery di Londra <\/strong>arrivano due altre versioni del soggetto, che dobbiamo a <strong>Marco Zoppo e Giorgio Schiavone<\/strong>.<\/p>\n\n\n\n<p><strong>Alcuni rarissimi e preziosi disegni<\/strong>, tra quelli attribuibili con certezza al Mantegna &#8211;<em> Cristo in piet\u00e0 tra Maria Maddalena, san Giovanni Battista e la Vergine<\/em> dalle Gallerie dell\u2019Accademia di Venezia &#8211; e a Giovanni Bellini &#8211; le due <em>Piet\u00e0<\/em> dal <strong>British Museum di Londra<\/strong> e dal <strong>Mus\u00e9e des Beaux-Arts di Rennes<\/strong> &#8211; illustrano il lavorio concettuale e progettuale che sta dietro a queste immagini, e il \u2018dialogo\u2019 tra i due cognati tra sesto e settimo decennio del XV secolo.<br>La sezione centrale della mostra presenta la straordinaria <em>Piet\u00e0<\/em> di Brera, resa finalmente leggibile anche nei suoi valori cromatici dal recente, complesso restauro, terminato a fine 2012 e condotto dai restauratori del Laboratorio interno al museo: Paola Borghese, Andrea Carini e Sara Scatragli, con la direzione di Mariolina Olivari.<br>Il tono freddo della tavolozza \u00e8 il segno pi\u00f9 immediatamente percepibile del distacco di quest\u2019opera dalla tradizione pittorica lagunare, dal colore saturo e dorato delle icone cos\u00ec come da quello pieno e smaltato delle opere di Antonio Vivarini. Accanto a questo capolavoro della Pinacoteca di Brera viene posta, per la prima volta, l\u2019intensissima, grande versione del soggetto di Palazzo Ducale a Venezia: la straordinaria occasione offerta da questo accostamento potrebbe suggerire qualche utile precisazione sulla difficile cronologia relativa alle due opere.<\/p>\n<\/div>\n\n\n\n<div class=\"wp-block-column is-layout-flow wp-block-column-is-layout-flow\" style=\"flex-basis:50%\"><\/div>\n<\/div>\n\n\n\n<div class=\"wp-block-columns is-layout-flex wp-container-core-columns-is-layout-3784d9d3 wp-block-columns-is-layout-flex\" style=\"margin-top:var(--wp--preset--spacing--60)\">\n<div class=\"wp-block-column is-layout-flow wp-block-column-is-layout-flow\" style=\"flex-basis:40%\">\n<figure class=\"wp-block-image size-full\"><img loading=\"lazy\" decoding=\"async\" width=\"600\" height=\"417\" src=\"https:\/\/pinacotecabrera.org\/wp-content\/uploads\/2024\/11\/BELLINI-Cristo-in-pieta-sorretto-da-quattro-angeli-Rimini-Museo-Citta-2.jpg\" alt=\"Giovanni Bellini, Cristo in piet\u00e0 sorretto da quattro angeli\" class=\"wp-image-7471\" srcset=\"https:\/\/pinacotecabrera.org\/wp-content\/uploads\/2024\/11\/BELLINI-Cristo-in-pieta-sorretto-da-quattro-angeli-Rimini-Museo-Citta-2.jpg 600w, https:\/\/pinacotecabrera.org\/wp-content\/uploads\/2024\/11\/BELLINI-Cristo-in-pieta-sorretto-da-quattro-angeli-Rimini-Museo-Citta-2-300x209.jpg 300w\" sizes=\"auto, (max-width: 600px) 100vw, 600px\" \/><figcaption class=\"wp-element-caption\">Giovanni Bellini, <em>Cristo in piet\u00e0 sorretto da quattro angeli <\/em>(1470 ca.). Tempera e olio su tavola, trasportata su tela e fissata su supporto di vetroresina e alluminio.<br>Rimini, Museo della Citt\u00e0<\/figcaption><\/figure>\n<\/div>\n\n\n\n<div class=\"wp-block-column is-layout-flow wp-block-column-is-layout-flow\" style=\"flex-basis:20%\"><\/div>\n<\/div>\n\n\n\n<div class=\"wp-block-columns is-layout-flex wp-container-core-columns-is-layout-9d6595d7 wp-block-columns-is-layout-flex\">\n<div class=\"wp-block-column is-layout-flow wp-block-column-is-layout-flow\" style=\"flex-basis:50%\">\n<p>Intorno a questo nucleo centrale sono esposte la <em>Piet\u00e0<\/em> del Museo Civico di Rimini e quella gi\u00e0 alla sommit\u00e0 della<em> Pala di Pesaro<\/em> di Giovanni Bellini, ora conservata nei Musei Vaticani. Questi due capisaldi dell\u2019ottavo decennio del Quattrocento, che propongono in composizioni risolte diversamente il tema della morte salvifica di Cristo \u2013 Cristo in piet\u00e0 tra angeli nella tavola riminese e invece Cristo tra la Maddalena, Nicodemo e san Giuseppe d\u2019Arimatea in quella ai Vaticani -, furono un punto di riferimento ineludibile per molta pittura del tempo, e non solo veneziana, come dimostra la sofferta rimeditazione che ne trasse, decenni dopo, Carlo Crivelli nella lunetta che sovrasta l\u2019Incoronazione della Vergine conservata a Brera.<br>Chiude questa rassegna di 26 sceltissime opere la cruciale <em>Madonna del magistrato da Mar<\/em> di Giovanni Bellini (Venezia, Gallerie dell\u2019Accademia), che fonde in un unico dipinto il tema della Madonna e quello della <em>Piet\u00e0<\/em>, raffigurando in un\u2019intensissima immagine sineddotica il Bambino sul grembo della Vergine, con un braccio abbandonato nel sonno che prefigura la futura morte salvifica. Al centro della <em>Piet\u00e0<\/em> braidense, proprio sotto la figura di Cristo, \u00e8 la celebre iscrizione sul cartiglio della balaustra marmorea, che riprende un verso delle Elegie del poeta latino Properzio e con la quale il pittore si firma.<br>In relazione al distico \u00e8 proposto in mostra un manoscritto dei Carmina di Properzio, datato 1453, in prestito dalla Biblioteca Marciana di Venezia.<br>Tra i temi dominanti che come un fil rouge unisce tutte le opere della mostra\u2013 evidente nel distico di grande commozione della <em>Piet\u00e0<\/em> di Brera &#8211; vi \u00e8 il legame dell&#8217;artista con gli ambienti umanistici veneziani, attraverso i quali egli conobbe e svilupp\u00f2 gradualmente la sua propensione per la rappresentazione degli affetti, della natura, del sentimento, della devozione e della commozione.<br>La mostra sar\u00e0 accompagnata da un agile catalogo, cui seguir\u00e0 un volume di studi, edito da Skira, a cura di Emanuela Daffra, con saggi di Matteo Ceriana, Marco Collareta, Andrea De Marchi e Mariolina Olivari, che presenta alcune novit\u00e0 sulla storia della Piet\u00e0 braidense di Giovanni Bellini, alla quale \u00e8 dedicata anche una sezione sul restauro. \u00c8 stato possibile realizzare questa mostra anche grazie al contributo di <strong>Fondazione Cariplo<\/strong>.<\/p>\n<\/div>\n\n\n\n<div class=\"wp-block-column is-layout-flow wp-block-column-is-layout-flow\" style=\"flex-basis:50%\"><\/div>\n<\/div>\n<\/div>\n<\/div>\n\n\n\n<div class=\"wp-block-group alignfull links-wrapper padding is-layout-flow wp-block-group-is-layout-flow\">\n<div class=\"wp-block-group alignwide is-layout-flow wp-block-group-is-layout-flow\">\n<div class=\"wp-block-columns is-layout-flex wp-container-core-columns-is-layout-9d6595d7 wp-block-columns-is-layout-flex\">\n<div class=\"wp-block-column left is-layout-flow wp-block-column-is-layout-flow\">\n<h4 class=\"wp-block-heading\" style=\"margin-bottom:var(--wp--preset--spacing--40)\">Info utili<\/h4>\n\n\n\n<p style=\"margin-bottom:var(--wp--preset--spacing--40)\"><strong>Quando<br><\/strong>Dal 9 aprile al 31 maggio 2014<\/p>\n<\/div>\n\n\n\n<div class=\"wp-block-column right is-layout-flow wp-block-column-is-layout-flow\">\n<h4 class=\"wp-block-heading\" style=\"margin-bottom:var(--wp--preset--spacing--40)\"><\/h4>\n\n\n\n<p style=\"margin-bottom:var(--wp--preset--spacing--60)\"><strong>Ufficio Mostre ed Eventi<\/strong><br>tel. 02 72263.259 &#8211; 266&nbsp;<br><a href=\"mostre-eventi.brera@cultura.gov.it\">mostre-eventi.brera@cultura.gov.it<br><\/a><br><strong>Ufficio Comunicazione<\/strong><br>tel. 02 72263.259 &#8211; 266&nbsp;<br><a href=\"mailto:comunicazione.brera@beniculturali.it\" target=\"_blank\" rel=\"noreferrer noopener\">comunicazione.brera@ cultura.gov.i<\/a><a href=\"comunicazione.brera@cultura.gov.it\" target=\"_blank\" rel=\"noreferrer noopener\">t<\/a><\/p>\n\n\n\n<p><strong>Attivit\u00e0 educative<\/strong><\/p>\n\n\n\n<p>Servizi educativi della Pinacoteca di Brera Segreteria ufficio&nbsp;<br><a href=\"mailto:educazione@pinacotecabrera.org\" target=\"_blank\" rel=\"noreferrer noopener\">educazione@pinacotecabrera.org<\/a><\/p>\n<\/div>\n<\/div>\n<\/div>\n<\/div>\n\n\n\n<div class=\"wp-block-group alignfull links-wrapper padding has-theme-secondary-background-color has-background is-layout-flow wp-block-group-is-layout-flow\">\n<div class=\"wp-block-group alignwide is-layout-flow wp-block-group-is-layout-flow\">\n<div class=\"wp-block-columns is-layout-flex wp-container-core-columns-is-layout-9d6595d7 wp-block-columns-is-layout-flex\">\n<div class=\"wp-block-column left is-layout-flow wp-block-column-is-layout-flow\">\n<h4 class=\"wp-block-heading\" style=\"margin-bottom:var(--wp--preset--spacing--40)\">Documenti correlati<\/h4>\n\n\n\n<div class=\"wp-block-buttons is-layout-flex wp-block-buttons-is-layout-flex\">\n<div class=\"wp-block-button is-style-download\"><a class=\"wp-block-button__link wp-element-button\" href=\"https:\/\/pinacotecabrera.org\/wp-content\/uploads\/2024\/11\/Giovanni-Bellini.-La-nascita-della-pittura-devozionale-umanistica-CS.pdf\" target=\"_blank\" rel=\"noreferrer noopener\">Comunicato stampa<\/a><\/div>\n<\/div>\n<\/div>\n\n\n\n<div class=\"wp-block-column right is-layout-flow wp-block-column-is-layout-flow\">\n<h4 class=\"wp-block-heading\" style=\"margin-bottom:var(--wp--preset--spacing--40)\">Potrebbe interessarti anche:<\/h4>\n\n\n\n<div class=\"wp-block-buttons is-horizontal is-layout-flex wp-block-buttons-is-layout-flex\">\n<div class=\"wp-block-button is-style-follow\"><a class=\"wp-block-button__link wp-element-button\" href=\"https:\/\/pinacotecabrera.org\/visita\/ingressi\/\">Ingressi<\/a><\/div>\n\n\n\n<div class=\"wp-block-button is-style-follow\"><a class=\"wp-block-button__link wp-element-button\" href=\"https:\/\/pinacotecabrera.org\/visita\/orari\/\">Orari<\/a><\/div>\n\n\n\n<div class=\"wp-block-button is-style-follow\"><a class=\"wp-block-button__link wp-element-button\" href=\"https:\/\/pinacotecabrera.org\/visita\/accessibilita\/\">Accessibilit\u00e0<\/a><\/div>\n\n\n\n<div class=\"wp-block-button is-style-follow\"><a class=\"wp-block-button__link wp-element-button\" href=\"https:\/\/pinacotecabrera.org\/visita\/cosa-puoi-fare-in-museo\/\">Cosa puoi fare in museo<\/a><\/div>\n\n\n\n<div class=\"wp-block-button is-style-follow\"><a class=\"wp-block-button__link wp-element-button\" href=\"https:\/\/pinacotecadibrera.eventim-inhouse.de\/webshop\/webticket\/shop?\" target=\"_blank\" rel=\"noreferrer noopener\">Prenota<\/a><\/div>\n<\/div>\n<\/div>\n<\/div>\n<\/div>\n<\/div>\n","protected":false},"featured_media":3056,"template":"","meta":{"_acf_changed":true},"class_list":["post-7470","mostra","type-mostra","status-publish","has-post-thumbnail","hentry"],"acf":[],"yoast_head":"<!-- This site is optimized with the Yoast SEO Premium plugin v26.5 (Yoast SEO v26.5) - https:\/\/yoast.com\/wordpress\/plugins\/seo\/ -->\n<title>Giovanni Bellini. La nascita della pittura devozionale umanistica | Pinacoteca di Brera<\/title>\n<meta name=\"robots\" content=\"index, follow, max-snippet:-1, max-image-preview:large, max-video-preview:-1\" \/>\n<link rel=\"canonical\" href=\"https:\/\/pinacotecabrera.org\/news\/mostra\/giovanni-bellini-la-nascita-della-pittura-devozionale-umanistica\/\" \/>\n<meta property=\"og:locale\" content=\"en_US\" \/>\n<meta property=\"og:type\" content=\"article\" \/>\n<meta property=\"og:title\" content=\"Giovanni Bellini. La nascita della pittura devozionale umanistica\" \/>\n<meta property=\"og:description\" content=\"Una straordinaria mostra di capolavori su tavola che ripercorre la carriera di Giovanni Bellini, grande protagonista dell\u2019arte rinascimentale italiana, e approfondisce il tema del Cristo in piet\u00e0. Il restauro della celebre Piet\u00e0 di Giovanni Bellini, appartenente alla Pinacoteca di Brera, \u00e8 l\u2019occasione per ripercorrere la prima arriera del pittore veneziano, grande protagonista dell\u2019arte rinascimentale italiana, &hellip; Continued\" \/>\n<meta property=\"og:url\" content=\"https:\/\/pinacotecabrera.org\/news\/mostra\/giovanni-bellini-la-nascita-della-pittura-devozionale-umanistica\/\" \/>\n<meta property=\"og:site_name\" content=\"Pinacoteca di Brera\" \/>\n<meta property=\"article:publisher\" content=\"https:\/\/www.facebook.com\/PinacotecadiBrera\/\" \/>\n<meta property=\"article:modified_time\" content=\"2024-11-24T10:49:23+00:00\" \/>\n<meta property=\"og:image\" content=\"https:\/\/pinacotecabrera.org\/wp-content\/uploads\/2024\/11\/Pieta_Bellini.jpg\" \/>\n\t<meta property=\"og:image:width\" content=\"2304\" \/>\n\t<meta property=\"og:image:height\" content=\"1824\" \/>\n\t<meta property=\"og:image:type\" content=\"image\/jpeg\" \/>\n<meta name=\"twitter:card\" content=\"summary_large_image\" \/>\n<meta name=\"twitter:site\" content=\"@museobrera\" \/>\n<meta name=\"twitter:label1\" content=\"Est. reading time\" \/>\n\t<meta name=\"twitter:data1\" content=\"7 minutes\" \/>\n<script type=\"application\/ld+json\" class=\"yoast-schema-graph\">{\"@context\":\"https:\/\/schema.org\",\"@graph\":[{\"@type\":\"WebPage\",\"@id\":\"https:\/\/pinacotecabrera.org\/news\/mostra\/giovanni-bellini-la-nascita-della-pittura-devozionale-umanistica\/\",\"url\":\"https:\/\/pinacotecabrera.org\/news\/mostra\/giovanni-bellini-la-nascita-della-pittura-devozionale-umanistica\/\",\"name\":\"Giovanni Bellini. La nascita della pittura devozionale umanistica | Pinacoteca di Brera\",\"isPartOf\":{\"@id\":\"https:\/\/pinacotecabrera.org\/#website\"},\"primaryImageOfPage\":{\"@id\":\"https:\/\/pinacotecabrera.org\/news\/mostra\/giovanni-bellini-la-nascita-della-pittura-devozionale-umanistica\/#primaryimage\"},\"image\":{\"@id\":\"https:\/\/pinacotecabrera.org\/news\/mostra\/giovanni-bellini-la-nascita-della-pittura-devozionale-umanistica\/#primaryimage\"},\"thumbnailUrl\":\"https:\/\/pinacotecabrera.org\/wp-content\/uploads\/2024\/11\/Pieta_Bellini.jpg\",\"datePublished\":\"2024-11-15T11:38:52+00:00\",\"dateModified\":\"2024-11-24T10:49:23+00:00\",\"breadcrumb\":{\"@id\":\"https:\/\/pinacotecabrera.org\/news\/mostra\/giovanni-bellini-la-nascita-della-pittura-devozionale-umanistica\/#breadcrumb\"},\"inLanguage\":\"en-US\",\"potentialAction\":[{\"@type\":\"ReadAction\",\"target\":[\"https:\/\/pinacotecabrera.org\/news\/mostra\/giovanni-bellini-la-nascita-della-pittura-devozionale-umanistica\/\"]}]},{\"@type\":\"ImageObject\",\"inLanguage\":\"en-US\",\"@id\":\"https:\/\/pinacotecabrera.org\/news\/mostra\/giovanni-bellini-la-nascita-della-pittura-devozionale-umanistica\/#primaryimage\",\"url\":\"https:\/\/pinacotecabrera.org\/wp-content\/uploads\/2024\/11\/Pieta_Bellini.jpg\",\"contentUrl\":\"https:\/\/pinacotecabrera.org\/wp-content\/uploads\/2024\/11\/Pieta_Bellini.jpg\",\"width\":2304,\"height\":1824,\"caption\":\"La Piet\u00e0 di Bellini\"},{\"@type\":\"BreadcrumbList\",\"@id\":\"https:\/\/pinacotecabrera.org\/news\/mostra\/giovanni-bellini-la-nascita-della-pittura-devozionale-umanistica\/#breadcrumb\",\"itemListElement\":[{\"@type\":\"ListItem\",\"position\":1,\"name\":\"Home\",\"item\":\"https:\/\/pinacotecabrera.org\/en\/\"},{\"@type\":\"ListItem\",\"position\":2,\"name\":\"Giovanni Bellini. La nascita della pittura devozionale umanistica\"}]},{\"@type\":\"WebSite\",\"@id\":\"https:\/\/pinacotecabrera.org\/#website\",\"url\":\"https:\/\/pinacotecabrera.org\/\",\"name\":\"Pinacoteca di Brera\",\"description\":\"\",\"publisher\":{\"@id\":\"https:\/\/pinacotecabrera.org\/#organization\"},\"potentialAction\":[{\"@type\":\"SearchAction\",\"target\":{\"@type\":\"EntryPoint\",\"urlTemplate\":\"https:\/\/pinacotecabrera.org\/?s={search_term_string}\"},\"query-input\":{\"@type\":\"PropertyValueSpecification\",\"valueRequired\":true,\"valueName\":\"search_term_string\"}}],\"inLanguage\":\"en-US\"},{\"@type\":\"Organization\",\"@id\":\"https:\/\/pinacotecabrera.org\/#organization\",\"name\":\"Pinacoteca di Brera\",\"url\":\"https:\/\/pinacotecabrera.org\/\",\"logo\":{\"@type\":\"ImageObject\",\"inLanguage\":\"en-US\",\"@id\":\"https:\/\/pinacotecabrera.org\/#\/schema\/logo\/image\/\",\"url\":\"https:\/\/pinacotecabrera.org\/wp-content\/uploads\/2025\/09\/Pinacoteca_Brera_logo.png\",\"contentUrl\":\"https:\/\/pinacotecabrera.org\/wp-content\/uploads\/2025\/09\/Pinacoteca_Brera_logo.png\",\"width\":1100,\"height\":1100,\"caption\":\"Pinacoteca di Brera\"},\"image\":{\"@id\":\"https:\/\/pinacotecabrera.org\/#\/schema\/logo\/image\/\"},\"sameAs\":[\"https:\/\/www.facebook.com\/PinacotecadiBrera\/\",\"https:\/\/x.com\/museobrera\",\"https:\/\/www.instagram.com\/pinacotecabrera\/\",\"https:\/\/www.youtube.com\/user\/pinacotecabrera\",\"https:\/\/vimeo.com\/pinacotecabrera\"]}]}<\/script>\n<!-- \/ Yoast SEO Premium plugin. -->","yoast_head_json":{"title":"Giovanni Bellini. La nascita della pittura devozionale umanistica | Pinacoteca di Brera","robots":{"index":"index","follow":"follow","max-snippet":"max-snippet:-1","max-image-preview":"max-image-preview:large","max-video-preview":"max-video-preview:-1"},"canonical":"https:\/\/pinacotecabrera.org\/news\/mostra\/giovanni-bellini-la-nascita-della-pittura-devozionale-umanistica\/","og_locale":"en_US","og_type":"article","og_title":"Giovanni Bellini. La nascita della pittura devozionale umanistica","og_description":"Una straordinaria mostra di capolavori su tavola che ripercorre la carriera di Giovanni Bellini, grande protagonista dell\u2019arte rinascimentale italiana, e approfondisce il tema del Cristo in piet\u00e0. Il restauro della celebre Piet\u00e0 di Giovanni Bellini, appartenente alla Pinacoteca di Brera, \u00e8 l\u2019occasione per ripercorrere la prima arriera del pittore veneziano, grande protagonista dell\u2019arte rinascimentale italiana, &hellip; Continued","og_url":"https:\/\/pinacotecabrera.org\/news\/mostra\/giovanni-bellini-la-nascita-della-pittura-devozionale-umanistica\/","og_site_name":"Pinacoteca di Brera","article_publisher":"https:\/\/www.facebook.com\/PinacotecadiBrera\/","article_modified_time":"2024-11-24T10:49:23+00:00","og_image":[{"width":2304,"height":1824,"url":"https:\/\/pinacotecabrera.org\/wp-content\/uploads\/2024\/11\/Pieta_Bellini.jpg","type":"image\/jpeg"}],"twitter_card":"summary_large_image","twitter_site":"@museobrera","twitter_misc":{"Est. reading time":"7 minutes"},"schema":{"@context":"https:\/\/schema.org","@graph":[{"@type":"WebPage","@id":"https:\/\/pinacotecabrera.org\/news\/mostra\/giovanni-bellini-la-nascita-della-pittura-devozionale-umanistica\/","url":"https:\/\/pinacotecabrera.org\/news\/mostra\/giovanni-bellini-la-nascita-della-pittura-devozionale-umanistica\/","name":"Giovanni Bellini. La nascita della pittura devozionale umanistica | Pinacoteca di Brera","isPartOf":{"@id":"https:\/\/pinacotecabrera.org\/#website"},"primaryImageOfPage":{"@id":"https:\/\/pinacotecabrera.org\/news\/mostra\/giovanni-bellini-la-nascita-della-pittura-devozionale-umanistica\/#primaryimage"},"image":{"@id":"https:\/\/pinacotecabrera.org\/news\/mostra\/giovanni-bellini-la-nascita-della-pittura-devozionale-umanistica\/#primaryimage"},"thumbnailUrl":"https:\/\/pinacotecabrera.org\/wp-content\/uploads\/2024\/11\/Pieta_Bellini.jpg","datePublished":"2024-11-15T11:38:52+00:00","dateModified":"2024-11-24T10:49:23+00:00","breadcrumb":{"@id":"https:\/\/pinacotecabrera.org\/news\/mostra\/giovanni-bellini-la-nascita-della-pittura-devozionale-umanistica\/#breadcrumb"},"inLanguage":"en-US","potentialAction":[{"@type":"ReadAction","target":["https:\/\/pinacotecabrera.org\/news\/mostra\/giovanni-bellini-la-nascita-della-pittura-devozionale-umanistica\/"]}]},{"@type":"ImageObject","inLanguage":"en-US","@id":"https:\/\/pinacotecabrera.org\/news\/mostra\/giovanni-bellini-la-nascita-della-pittura-devozionale-umanistica\/#primaryimage","url":"https:\/\/pinacotecabrera.org\/wp-content\/uploads\/2024\/11\/Pieta_Bellini.jpg","contentUrl":"https:\/\/pinacotecabrera.org\/wp-content\/uploads\/2024\/11\/Pieta_Bellini.jpg","width":2304,"height":1824,"caption":"La Piet\u00e0 di Bellini"},{"@type":"BreadcrumbList","@id":"https:\/\/pinacotecabrera.org\/news\/mostra\/giovanni-bellini-la-nascita-della-pittura-devozionale-umanistica\/#breadcrumb","itemListElement":[{"@type":"ListItem","position":1,"name":"Home","item":"https:\/\/pinacotecabrera.org\/en\/"},{"@type":"ListItem","position":2,"name":"Giovanni Bellini. La nascita della pittura devozionale umanistica"}]},{"@type":"WebSite","@id":"https:\/\/pinacotecabrera.org\/#website","url":"https:\/\/pinacotecabrera.org\/","name":"Pinacoteca di Brera","description":"","publisher":{"@id":"https:\/\/pinacotecabrera.org\/#organization"},"potentialAction":[{"@type":"SearchAction","target":{"@type":"EntryPoint","urlTemplate":"https:\/\/pinacotecabrera.org\/?s={search_term_string}"},"query-input":{"@type":"PropertyValueSpecification","valueRequired":true,"valueName":"search_term_string"}}],"inLanguage":"en-US"},{"@type":"Organization","@id":"https:\/\/pinacotecabrera.org\/#organization","name":"Pinacoteca di Brera","url":"https:\/\/pinacotecabrera.org\/","logo":{"@type":"ImageObject","inLanguage":"en-US","@id":"https:\/\/pinacotecabrera.org\/#\/schema\/logo\/image\/","url":"https:\/\/pinacotecabrera.org\/wp-content\/uploads\/2025\/09\/Pinacoteca_Brera_logo.png","contentUrl":"https:\/\/pinacotecabrera.org\/wp-content\/uploads\/2025\/09\/Pinacoteca_Brera_logo.png","width":1100,"height":1100,"caption":"Pinacoteca di Brera"},"image":{"@id":"https:\/\/pinacotecabrera.org\/#\/schema\/logo\/image\/"},"sameAs":["https:\/\/www.facebook.com\/PinacotecadiBrera\/","https:\/\/x.com\/museobrera","https:\/\/www.instagram.com\/pinacotecabrera\/","https:\/\/www.youtube.com\/user\/pinacotecabrera","https:\/\/vimeo.com\/pinacotecabrera"]}]}},"_links":{"self":[{"href":"https:\/\/pinacotecabrera.org\/en\/wp-json\/wp\/v2\/mostra\/7470","targetHints":{"allow":["GET"]}}],"collection":[{"href":"https:\/\/pinacotecabrera.org\/en\/wp-json\/wp\/v2\/mostra"}],"about":[{"href":"https:\/\/pinacotecabrera.org\/en\/wp-json\/wp\/v2\/types\/mostra"}],"wp:featuredmedia":[{"embeddable":true,"href":"https:\/\/pinacotecabrera.org\/en\/wp-json\/wp\/v2\/media\/3056"}],"wp:attachment":[{"href":"https:\/\/pinacotecabrera.org\/en\/wp-json\/wp\/v2\/media?parent=7470"}],"curies":[{"name":"wp","href":"https:\/\/api.w.org\/{rel}","templated":true}]}}