{"id":7414,"date":"2024-11-15T10:35:57","date_gmt":"2024-11-15T10:35:57","guid":{"rendered":"https:\/\/pinacotecabrera.org\/?post_type=mostra&#038;p=7414"},"modified":"2024-11-24T10:52:15","modified_gmt":"2024-11-24T10:52:15","slug":"i-tarocchi-dei-bembo","status":"publish","type":"mostra","link":"https:\/\/pinacotecabrera.org\/en\/news\/mostra\/i-tarocchi-dei-bembo\/","title":{"rendered":"I tarocchi dei Bembo"},"content":{"rendered":"\n<div class=\"wp-block-group alignfull padding vertical-padding bg-one is-layout-constrained wp-block-group-is-layout-constrained\">\n<div class=\"wp-block-group alignwide visita-title is-layout-flow wp-block-group-is-layout-flow\">\n<div class=\"wp-block-columns is-layout-flex wp-container-core-columns-is-layout-9d6595d7 wp-block-columns-is-layout-flex\">\n<div class=\"wp-block-column is-layout-flow wp-block-column-is-layout-flow\"><section  class=\"h-full\">\n    <div id=\"mostre-title\" class=\"flex items-center justify-center h-full\"> \n        <div class=\"text-center\">\n            <span class=\"font-pinacoteca-heading uppercase mb-2 block\">Exhibition<\/span>\n            <h1 class=\"text-center mb-6\">I tarocchi dei Bembo<\/h1>\n            <span class=\"font-bold block\">Dal 21 febbraio al 7 aprile 2013<\/span>\n            <span class=\"font-bold block\"><\/span>\n        <\/div>\n    <\/div>\n<\/section>\n<\/div>\n\n\n\n<div class=\"wp-block-column is-layout-flow wp-block-column-is-layout-flow\"><figure style=\"aspect-ratio:1;\" class=\"wp-block-post-featured-image\"><img loading=\"lazy\" decoding=\"async\" width=\"343\" height=\"631\" src=\"https:\/\/pinacotecabrera.org\/wp-content\/uploads\/2024\/11\/tarocchi-bembo2-1.jpg\" class=\"attachment-post-thumbnail size-post-thumbnail wp-post-image\" alt=\"Tarocchi dei Bembo\" style=\"width:100%;height:100%;object-fit:cover;\" srcset=\"https:\/\/pinacotecabrera.org\/wp-content\/uploads\/2024\/11\/tarocchi-bembo2-1.jpg 343w, https:\/\/pinacotecabrera.org\/wp-content\/uploads\/2024\/11\/tarocchi-bembo2-1-163x300.jpg 163w\" sizes=\"auto, (max-width: 343px) 100vw, 343px\" \/><\/figure><\/div>\n<\/div>\n<\/div>\n\n\n\n<div class=\"wp-block-group alignwide vertical-padding is-layout-flow wp-block-group-is-layout-flow\">\n<div class=\"wp-block-columns is-layout-flex wp-container-core-columns-is-layout-9d6595d7 wp-block-columns-is-layout-flex\">\n<div class=\"wp-block-column is-layout-flow wp-block-column-is-layout-flow\" style=\"flex-basis:50%\">\n<h4 class=\"wp-block-heading\" style=\"margin-bottom:var(--wp--preset--spacing--40)\">Una bottega di pittori dal cuore del ducato di Milano alle corti padane.<\/h4>\n\n\n\n<p>I fratelli Bembo, attivi alla corte milanese e nelle principali corti padane, attraversano quarant&#8217;anni di storia del ducato con ruoli da protagonisti: Bonifacio, alla guida della bottega cremonese, \u00e8 il preferito dei duchi di Milano, che gli affidano la conduzione delle pi\u00f9 importanti fabbriche nei centri del loro potere (Milano, Pavia, Cremona, Vigevano, Caravaggio); Ambrogio \u00e8 il suo collaboratore prediletto tra gli anni quaranta e cinquanta. Benedetto, pi\u00f9 giovane, e il presunto Gerolamo (se \u00e8 riconoscibile nel cosiddetto Maestro di Monticelli) sono, invece, i beniamini dei feudatari padani, come i Pallavicino a Busseto e a Monticelli d&#8217;Ongina e i Rossi a Torchiara.<\/p>\n<\/div>\n\n\n\n<div class=\"wp-block-column is-layout-flow wp-block-column-is-layout-flow\" style=\"flex-basis:50%\"><\/div>\n<\/div>\n\n\n\n<div class=\"wp-block-columns is-layout-flex wp-container-core-columns-is-layout-3784d9d3 wp-block-columns-is-layout-flex\" style=\"margin-top:var(--wp--preset--spacing--60)\">\n<div class=\"wp-block-column is-layout-flow wp-block-column-is-layout-flow\" style=\"flex-basis:40%\">\n<figure class=\"wp-block-image size-full\"><img loading=\"lazy\" decoding=\"async\" width=\"343\" height=\"631\" src=\"https:\/\/pinacotecabrera.org\/wp-content\/uploads\/2024\/11\/Brera-tarocchi-bembo-01.jpg\" alt=\"Tarocchi dei Bembo\" class=\"wp-image-7415\" srcset=\"https:\/\/pinacotecabrera.org\/wp-content\/uploads\/2024\/11\/Brera-tarocchi-bembo-01.jpg 343w, https:\/\/pinacotecabrera.org\/wp-content\/uploads\/2024\/11\/Brera-tarocchi-bembo-01-163x300.jpg 163w\" sizes=\"auto, (max-width: 343px) 100vw, 343px\" \/><figcaption class=\"wp-element-caption\">Tarocchi dei Bembo<\/figcaption><\/figure>\n<\/div>\n\n\n\n<div class=\"wp-block-column is-layout-flow wp-block-column-is-layout-flow\" style=\"flex-basis:40%\">\n<figure class=\"wp-block-image size-full\"><img loading=\"lazy\" decoding=\"async\" width=\"343\" height=\"631\" src=\"https:\/\/pinacotecabrera.org\/wp-content\/uploads\/2024\/11\/Brera-tarocchi-bembo-02.jpg\" alt=\"Tarocchi dei Bembo\" class=\"wp-image-7417\" srcset=\"https:\/\/pinacotecabrera.org\/wp-content\/uploads\/2024\/11\/Brera-tarocchi-bembo-02.jpg 343w, https:\/\/pinacotecabrera.org\/wp-content\/uploads\/2024\/11\/Brera-tarocchi-bembo-02-163x300.jpg 163w\" sizes=\"auto, (max-width: 343px) 100vw, 343px\" \/><figcaption class=\"wp-element-caption\">Tarocchi dei Bembo, regina<\/figcaption><\/figure>\n<\/div>\n\n\n\n<div class=\"wp-block-column is-layout-flow wp-block-column-is-layout-flow\" style=\"flex-basis:40%\">\n<figure class=\"wp-block-image size-full\"><img loading=\"lazy\" decoding=\"async\" width=\"343\" height=\"631\" src=\"https:\/\/pinacotecabrera.org\/wp-content\/uploads\/2024\/11\/Brera-tarocchi-bembo-03.jpg\" alt=\"Tarocchi dei Bembo\" class=\"wp-image-7419\" srcset=\"https:\/\/pinacotecabrera.org\/wp-content\/uploads\/2024\/11\/Brera-tarocchi-bembo-03.jpg 343w, https:\/\/pinacotecabrera.org\/wp-content\/uploads\/2024\/11\/Brera-tarocchi-bembo-03-163x300.jpg 163w\" sizes=\"auto, (max-width: 343px) 100vw, 343px\" \/><figcaption class=\"wp-element-caption\">Tarocchi dei Bembo, sei di spade, part.<\/figcaption><\/figure>\n<\/div>\n\n\n\n<div class=\"wp-block-column is-layout-flow wp-block-column-is-layout-flow\" style=\"flex-basis:20%\"><\/div>\n<\/div>\n<\/div>\n<\/div>\n\n\n\n<div class=\"wp-block-group alignfull links-wrapper padding is-layout-flow wp-block-group-is-layout-flow\">\n<div class=\"wp-block-group alignwide is-layout-flow wp-block-group-is-layout-flow\">\n<div class=\"wp-block-columns is-layout-flex wp-container-core-columns-is-layout-9d6595d7 wp-block-columns-is-layout-flex\">\n<div class=\"wp-block-column left is-layout-flow wp-block-column-is-layout-flow\">\n<h4 class=\"wp-block-heading\" style=\"margin-bottom:var(--wp--preset--spacing--40)\">Info utili<\/h4>\n\n\n\n<p style=\"margin-bottom:var(--wp--preset--spacing--40)\"><strong>Quando<br><\/strong>Dal 21 febbraio al 7 aprile 2013<\/p>\n<\/div>\n\n\n\n<div class=\"wp-block-column right is-layout-flow wp-block-column-is-layout-flow\">\n<h4 class=\"wp-block-heading\" style=\"margin-bottom:var(--wp--preset--spacing--40)\"><\/h4>\n\n\n\n<p style=\"margin-bottom:var(--wp--preset--spacing--60)\"><strong>Ufficio Mostre ed Eventi<\/strong><br>tel. 02 72263.259 &#8211; 266&nbsp;<br><a href=\"mostre-eventi.brera@cultura.gov.it\">mostre-eventi.brera@cultura.gov.it<br><\/a><br><strong>Ufficio Comunicazione<\/strong><br>tel. 02 72263.259 &#8211; 266&nbsp;<br><a href=\"mailto:comunicazione.brera@beniculturali.it\" target=\"_blank\" rel=\"noreferrer noopener\">comunicazione.brera@ cultura.gov.i<\/a><a href=\"comunicazione.brera@cultura.gov.it\" target=\"_blank\" rel=\"noreferrer noopener\">t<\/a><\/p>\n\n\n\n<p><strong>Attivit\u00e0 educative<\/strong><\/p>\n\n\n\n<p>Servizi educativi della Pinacoteca di Brera Segreteria ufficio&nbsp;<br><a href=\"mailto:educazione@pinacotecabrera.org\" target=\"_blank\" rel=\"noreferrer noopener\">educazione@pinacotecabrera.org<\/a><\/p>\n<\/div>\n<\/div>\n<\/div>\n<\/div>\n\n\n\n<div class=\"wp-block-group alignfull links-wrapper padding has-theme-secondary-background-color has-background is-layout-flow wp-block-group-is-layout-flow\">\n<div class=\"wp-block-group alignwide is-layout-flow wp-block-group-is-layout-flow\">\n<div class=\"wp-block-columns is-layout-flex wp-container-core-columns-is-layout-9d6595d7 wp-block-columns-is-layout-flex\">\n<div class=\"wp-block-column left is-layout-flow wp-block-column-is-layout-flow\">\n<h4 class=\"wp-block-heading\" style=\"margin-bottom:var(--wp--preset--spacing--40)\">Documenti correlati<\/h4>\n\n\n\n<div class=\"wp-block-buttons is-layout-flex wp-block-buttons-is-layout-flex\">\n<div class=\"wp-block-button is-style-download\"><a class=\"wp-block-button__link wp-element-button\" href=\"https:\/\/pinacotecabrera.org\/wp-content\/uploads\/2024\/11\/cs-bembo.pdf\" target=\"_blank\" rel=\"noreferrer noopener\">Comunicato stampa<\/a><\/div>\n<\/div>\n<\/div>\n\n\n\n<div class=\"wp-block-column right is-layout-flow wp-block-column-is-layout-flow\">\n<h4 class=\"wp-block-heading\" style=\"margin-bottom:var(--wp--preset--spacing--40)\">Potrebbe interessarti anche:<\/h4>\n\n\n\n<div class=\"wp-block-buttons is-horizontal is-layout-flex wp-block-buttons-is-layout-flex\">\n<div class=\"wp-block-button is-style-follow\"><a class=\"wp-block-button__link wp-element-button\" href=\"https:\/\/pinacotecabrera.org\/visita\/ingressi\/\">Ingressi<\/a><\/div>\n\n\n\n<div class=\"wp-block-button is-style-follow\"><a class=\"wp-block-button__link wp-element-button\" href=\"https:\/\/pinacotecabrera.org\/visita\/orari\/\">Orari<\/a><\/div>\n\n\n\n<div class=\"wp-block-button is-style-follow\"><a class=\"wp-block-button__link wp-element-button\" href=\"https:\/\/pinacotecabrera.org\/visita\/accessibilita\/\">Accessibilit\u00e0<\/a><\/div>\n\n\n\n<div class=\"wp-block-button is-style-follow\"><a class=\"wp-block-button__link wp-element-button\" href=\"https:\/\/pinacotecabrera.org\/visita\/cosa-puoi-fare-in-museo\/\">Cosa puoi fare in museo<\/a><\/div>\n\n\n\n<div class=\"wp-block-button is-style-follow\"><a class=\"wp-block-button__link wp-element-button\" href=\"https:\/\/pinacotecadibrera.eventim-inhouse.de\/webshop\/webticket\/shop?\" target=\"_blank\" rel=\"noreferrer noopener\">Prenota<\/a><\/div>\n<\/div>\n<\/div>\n<\/div>\n<\/div>\n<\/div>\n","protected":false},"featured_media":7421,"template":"","meta":{"_acf_changed":true},"class_list":["post-7414","mostra","type-mostra","status-publish","has-post-thumbnail","hentry"],"acf":[],"yoast_head":"<!-- This site is optimized with the Yoast SEO Premium plugin v26.5 (Yoast SEO v26.5) - https:\/\/yoast.com\/wordpress\/plugins\/seo\/ -->\n<title>I tarocchi dei Bembo | Pinacoteca di Brera<\/title>\n<meta name=\"robots\" content=\"index, follow, max-snippet:-1, max-image-preview:large, max-video-preview:-1\" \/>\n<link rel=\"canonical\" href=\"https:\/\/pinacotecabrera.org\/news\/mostra\/i-tarocchi-dei-bembo\/\" \/>\n<meta property=\"og:locale\" content=\"en_US\" \/>\n<meta property=\"og:type\" content=\"article\" \/>\n<meta property=\"og:title\" content=\"I tarocchi dei Bembo\" \/>\n<meta property=\"og:description\" content=\"Una bottega di pittori dal cuore del ducato di Milano alle corti padane. I fratelli Bembo, attivi alla corte milanese e nelle principali corti padane, attraversano quarant&#8217;anni di storia del ducato con ruoli da protagonisti: Bonifacio, alla guida della bottega cremonese, \u00e8 il preferito dei duchi di Milano, che gli affidano la conduzione delle pi\u00f9 &hellip; Continued\" \/>\n<meta property=\"og:url\" content=\"https:\/\/pinacotecabrera.org\/news\/mostra\/i-tarocchi-dei-bembo\/\" \/>\n<meta property=\"og:site_name\" content=\"Pinacoteca di Brera\" \/>\n<meta property=\"article:publisher\" content=\"https:\/\/www.facebook.com\/PinacotecadiBrera\/\" \/>\n<meta property=\"article:modified_time\" content=\"2024-11-24T10:52:15+00:00\" \/>\n<meta property=\"og:image\" content=\"https:\/\/pinacotecabrera.org\/wp-content\/uploads\/2024\/11\/tarocchi-bembo2-1.jpg\" \/>\n\t<meta property=\"og:image:width\" content=\"343\" \/>\n\t<meta property=\"og:image:height\" content=\"631\" \/>\n\t<meta property=\"og:image:type\" content=\"image\/jpeg\" \/>\n<meta name=\"twitter:card\" content=\"summary_large_image\" \/>\n<meta name=\"twitter:site\" content=\"@museobrera\" \/>\n<meta name=\"twitter:label1\" content=\"Est. reading time\" \/>\n\t<meta name=\"twitter:data1\" content=\"2 minutes\" \/>\n<script type=\"application\/ld+json\" class=\"yoast-schema-graph\">{\"@context\":\"https:\/\/schema.org\",\"@graph\":[{\"@type\":\"WebPage\",\"@id\":\"https:\/\/pinacotecabrera.org\/news\/mostra\/i-tarocchi-dei-bembo\/\",\"url\":\"https:\/\/pinacotecabrera.org\/news\/mostra\/i-tarocchi-dei-bembo\/\",\"name\":\"I tarocchi dei Bembo | Pinacoteca di Brera\",\"isPartOf\":{\"@id\":\"https:\/\/pinacotecabrera.org\/#website\"},\"primaryImageOfPage\":{\"@id\":\"https:\/\/pinacotecabrera.org\/news\/mostra\/i-tarocchi-dei-bembo\/#primaryimage\"},\"image\":{\"@id\":\"https:\/\/pinacotecabrera.org\/news\/mostra\/i-tarocchi-dei-bembo\/#primaryimage\"},\"thumbnailUrl\":\"https:\/\/pinacotecabrera.org\/wp-content\/uploads\/2024\/11\/tarocchi-bembo2-1.jpg\",\"datePublished\":\"2024-11-15T10:35:57+00:00\",\"dateModified\":\"2024-11-24T10:52:15+00:00\",\"breadcrumb\":{\"@id\":\"https:\/\/pinacotecabrera.org\/news\/mostra\/i-tarocchi-dei-bembo\/#breadcrumb\"},\"inLanguage\":\"en-US\",\"potentialAction\":[{\"@type\":\"ReadAction\",\"target\":[\"https:\/\/pinacotecabrera.org\/news\/mostra\/i-tarocchi-dei-bembo\/\"]}]},{\"@type\":\"ImageObject\",\"inLanguage\":\"en-US\",\"@id\":\"https:\/\/pinacotecabrera.org\/news\/mostra\/i-tarocchi-dei-bembo\/#primaryimage\",\"url\":\"https:\/\/pinacotecabrera.org\/wp-content\/uploads\/2024\/11\/tarocchi-bembo2-1.jpg\",\"contentUrl\":\"https:\/\/pinacotecabrera.org\/wp-content\/uploads\/2024\/11\/tarocchi-bembo2-1.jpg\",\"width\":343,\"height\":631,\"caption\":\"Tarocchi dei Bembo\"},{\"@type\":\"BreadcrumbList\",\"@id\":\"https:\/\/pinacotecabrera.org\/news\/mostra\/i-tarocchi-dei-bembo\/#breadcrumb\",\"itemListElement\":[{\"@type\":\"ListItem\",\"position\":1,\"name\":\"Home\",\"item\":\"https:\/\/pinacotecabrera.org\/en\/\"},{\"@type\":\"ListItem\",\"position\":2,\"name\":\"I tarocchi dei Bembo\"}]},{\"@type\":\"WebSite\",\"@id\":\"https:\/\/pinacotecabrera.org\/#website\",\"url\":\"https:\/\/pinacotecabrera.org\/\",\"name\":\"Pinacoteca di Brera\",\"description\":\"\",\"publisher\":{\"@id\":\"https:\/\/pinacotecabrera.org\/#organization\"},\"potentialAction\":[{\"@type\":\"SearchAction\",\"target\":{\"@type\":\"EntryPoint\",\"urlTemplate\":\"https:\/\/pinacotecabrera.org\/?s={search_term_string}\"},\"query-input\":{\"@type\":\"PropertyValueSpecification\",\"valueRequired\":true,\"valueName\":\"search_term_string\"}}],\"inLanguage\":\"en-US\"},{\"@type\":\"Organization\",\"@id\":\"https:\/\/pinacotecabrera.org\/#organization\",\"name\":\"Pinacoteca di Brera\",\"url\":\"https:\/\/pinacotecabrera.org\/\",\"logo\":{\"@type\":\"ImageObject\",\"inLanguage\":\"en-US\",\"@id\":\"https:\/\/pinacotecabrera.org\/#\/schema\/logo\/image\/\",\"url\":\"https:\/\/pinacotecabrera.org\/wp-content\/uploads\/2025\/09\/Pinacoteca_Brera_logo.png\",\"contentUrl\":\"https:\/\/pinacotecabrera.org\/wp-content\/uploads\/2025\/09\/Pinacoteca_Brera_logo.png\",\"width\":1100,\"height\":1100,\"caption\":\"Pinacoteca di Brera\"},\"image\":{\"@id\":\"https:\/\/pinacotecabrera.org\/#\/schema\/logo\/image\/\"},\"sameAs\":[\"https:\/\/www.facebook.com\/PinacotecadiBrera\/\",\"https:\/\/x.com\/museobrera\",\"https:\/\/www.instagram.com\/pinacotecabrera\/\",\"https:\/\/www.youtube.com\/user\/pinacotecabrera\",\"https:\/\/vimeo.com\/pinacotecabrera\"]}]}<\/script>\n<!-- \/ Yoast SEO Premium plugin. -->","yoast_head_json":{"title":"I tarocchi dei Bembo | Pinacoteca di Brera","robots":{"index":"index","follow":"follow","max-snippet":"max-snippet:-1","max-image-preview":"max-image-preview:large","max-video-preview":"max-video-preview:-1"},"canonical":"https:\/\/pinacotecabrera.org\/news\/mostra\/i-tarocchi-dei-bembo\/","og_locale":"en_US","og_type":"article","og_title":"I tarocchi dei Bembo","og_description":"Una bottega di pittori dal cuore del ducato di Milano alle corti padane. I fratelli Bembo, attivi alla corte milanese e nelle principali corti padane, attraversano quarant&#8217;anni di storia del ducato con ruoli da protagonisti: Bonifacio, alla guida della bottega cremonese, \u00e8 il preferito dei duchi di Milano, che gli affidano la conduzione delle pi\u00f9 &hellip; Continued","og_url":"https:\/\/pinacotecabrera.org\/news\/mostra\/i-tarocchi-dei-bembo\/","og_site_name":"Pinacoteca di Brera","article_publisher":"https:\/\/www.facebook.com\/PinacotecadiBrera\/","article_modified_time":"2024-11-24T10:52:15+00:00","og_image":[{"width":343,"height":631,"url":"https:\/\/pinacotecabrera.org\/wp-content\/uploads\/2024\/11\/tarocchi-bembo2-1.jpg","type":"image\/jpeg"}],"twitter_card":"summary_large_image","twitter_site":"@museobrera","twitter_misc":{"Est. reading time":"2 minutes"},"schema":{"@context":"https:\/\/schema.org","@graph":[{"@type":"WebPage","@id":"https:\/\/pinacotecabrera.org\/news\/mostra\/i-tarocchi-dei-bembo\/","url":"https:\/\/pinacotecabrera.org\/news\/mostra\/i-tarocchi-dei-bembo\/","name":"I tarocchi dei Bembo | Pinacoteca di Brera","isPartOf":{"@id":"https:\/\/pinacotecabrera.org\/#website"},"primaryImageOfPage":{"@id":"https:\/\/pinacotecabrera.org\/news\/mostra\/i-tarocchi-dei-bembo\/#primaryimage"},"image":{"@id":"https:\/\/pinacotecabrera.org\/news\/mostra\/i-tarocchi-dei-bembo\/#primaryimage"},"thumbnailUrl":"https:\/\/pinacotecabrera.org\/wp-content\/uploads\/2024\/11\/tarocchi-bembo2-1.jpg","datePublished":"2024-11-15T10:35:57+00:00","dateModified":"2024-11-24T10:52:15+00:00","breadcrumb":{"@id":"https:\/\/pinacotecabrera.org\/news\/mostra\/i-tarocchi-dei-bembo\/#breadcrumb"},"inLanguage":"en-US","potentialAction":[{"@type":"ReadAction","target":["https:\/\/pinacotecabrera.org\/news\/mostra\/i-tarocchi-dei-bembo\/"]}]},{"@type":"ImageObject","inLanguage":"en-US","@id":"https:\/\/pinacotecabrera.org\/news\/mostra\/i-tarocchi-dei-bembo\/#primaryimage","url":"https:\/\/pinacotecabrera.org\/wp-content\/uploads\/2024\/11\/tarocchi-bembo2-1.jpg","contentUrl":"https:\/\/pinacotecabrera.org\/wp-content\/uploads\/2024\/11\/tarocchi-bembo2-1.jpg","width":343,"height":631,"caption":"Tarocchi dei Bembo"},{"@type":"BreadcrumbList","@id":"https:\/\/pinacotecabrera.org\/news\/mostra\/i-tarocchi-dei-bembo\/#breadcrumb","itemListElement":[{"@type":"ListItem","position":1,"name":"Home","item":"https:\/\/pinacotecabrera.org\/en\/"},{"@type":"ListItem","position":2,"name":"I tarocchi dei Bembo"}]},{"@type":"WebSite","@id":"https:\/\/pinacotecabrera.org\/#website","url":"https:\/\/pinacotecabrera.org\/","name":"Pinacoteca di Brera","description":"","publisher":{"@id":"https:\/\/pinacotecabrera.org\/#organization"},"potentialAction":[{"@type":"SearchAction","target":{"@type":"EntryPoint","urlTemplate":"https:\/\/pinacotecabrera.org\/?s={search_term_string}"},"query-input":{"@type":"PropertyValueSpecification","valueRequired":true,"valueName":"search_term_string"}}],"inLanguage":"en-US"},{"@type":"Organization","@id":"https:\/\/pinacotecabrera.org\/#organization","name":"Pinacoteca di Brera","url":"https:\/\/pinacotecabrera.org\/","logo":{"@type":"ImageObject","inLanguage":"en-US","@id":"https:\/\/pinacotecabrera.org\/#\/schema\/logo\/image\/","url":"https:\/\/pinacotecabrera.org\/wp-content\/uploads\/2025\/09\/Pinacoteca_Brera_logo.png","contentUrl":"https:\/\/pinacotecabrera.org\/wp-content\/uploads\/2025\/09\/Pinacoteca_Brera_logo.png","width":1100,"height":1100,"caption":"Pinacoteca di Brera"},"image":{"@id":"https:\/\/pinacotecabrera.org\/#\/schema\/logo\/image\/"},"sameAs":["https:\/\/www.facebook.com\/PinacotecadiBrera\/","https:\/\/x.com\/museobrera","https:\/\/www.instagram.com\/pinacotecabrera\/","https:\/\/www.youtube.com\/user\/pinacotecabrera","https:\/\/vimeo.com\/pinacotecabrera"]}]}},"_links":{"self":[{"href":"https:\/\/pinacotecabrera.org\/en\/wp-json\/wp\/v2\/mostra\/7414","targetHints":{"allow":["GET"]}}],"collection":[{"href":"https:\/\/pinacotecabrera.org\/en\/wp-json\/wp\/v2\/mostra"}],"about":[{"href":"https:\/\/pinacotecabrera.org\/en\/wp-json\/wp\/v2\/types\/mostra"}],"wp:featuredmedia":[{"embeddable":true,"href":"https:\/\/pinacotecabrera.org\/en\/wp-json\/wp\/v2\/media\/7421"}],"wp:attachment":[{"href":"https:\/\/pinacotecabrera.org\/en\/wp-json\/wp\/v2\/media?parent=7414"}],"curies":[{"name":"wp","href":"https:\/\/api.w.org\/{rel}","templated":true}]}}