{"id":15228,"date":"2025-06-06T20:19:30","date_gmt":"2025-06-06T18:19:30","guid":{"rendered":"https:\/\/pinacotecabrera.org\/?post_type=event&#038;p=15228"},"modified":"2025-06-06T20:21:41","modified_gmt":"2025-06-06T18:21:41","slug":"ruzante","status":"publish","type":"event","link":"https:\/\/pinacotecabrera.org\/en\/news\/event\/ruzante\/","title":{"rendered":"Ruzante"},"content":{"rendered":"\n<div class=\"wp-block-group alignfull padding vertical-padding bg-one is-layout-constrained wp-block-group-is-layout-constrained\">\n<div class=\"wp-block-group alignwide visita-title is-layout-flow wp-block-group-is-layout-flow\">\n<div class=\"wp-block-columns is-layout-flex wp-container-core-columns-is-layout-9d6595d7 wp-block-columns-is-layout-flex\">\n<div class=\"wp-block-column is-layout-flow wp-block-column-is-layout-flow\"><section  class=\"h-full\">\n    <div id=\"mostre-title\" class=\"flex items-center justify-center h-full\"> \n        <div class=\"text-center\">\n            <span class=\"font-pinacoteca-heading uppercase mb-2 block\">Spettacolo<\/span>\n            <h1 class=\"text-center mb-6\">Ruzante<\/h1>\n            <span class=\"font-bold block\">12 giugno 2025, ore 21:00<\/span>\n            <span class=\"font-bold block\">Ingresso gratuito con prenotazione obbligatoria | Cortile d\u2019Onore del Palazzo di Brera<\/span>\n        <\/div>\n    <\/div>\n<\/section>\n<\/div>\n\n\n\n<div class=\"wp-block-column is-layout-flow wp-block-column-is-layout-flow\"><figure style=\"aspect-ratio:1;\" class=\"wp-block-post-featured-image\"><img loading=\"lazy\" decoding=\"async\" width=\"640\" height=\"480\" src=\"https:\/\/pinacotecabrera.org\/wp-content\/uploads\/2025\/06\/Ruzante-foto-di-scena-o5.jpg\" class=\"attachment-post-thumbnail size-post-thumbnail wp-post-image\" alt=\"Ruzante\" style=\"width:100%;height:100%;object-fit:cover;\" srcset=\"https:\/\/pinacotecabrera.org\/wp-content\/uploads\/2025\/06\/Ruzante-foto-di-scena-o5.jpg 640w, https:\/\/pinacotecabrera.org\/wp-content\/uploads\/2025\/06\/Ruzante-foto-di-scena-o5-300x225.jpg 300w\" sizes=\"auto, (max-width: 640px) 100vw, 640px\" \/><\/figure><\/div>\n<\/div>\n<\/div>\n\n\n\n<div class=\"wp-block-group alignwide vertical-padding is-layout-flow wp-block-group-is-layout-flow\">\n<div class=\"wp-block-columns is-layout-flex wp-container-core-columns-is-layout-9d6595d7 wp-block-columns-is-layout-flex\">\n<div class=\"wp-block-column is-layout-flow wp-block-column-is-layout-flow\" style=\"flex-basis:50%\">\n<div class=\"wp-block-buttons is-layout-flex wp-block-buttons-is-layout-flex\">\n<div class=\"wp-block-button is-style-follow\"><a class=\"wp-block-button__link wp-element-button\" href=\"https:\/\/ticketshop.piccoloteatro.org\/selection\/event\/date?lang=it&amp;productId=10228632653633&amp;ot=1&amp;_gl=1*vnq20r*_ga*MTY0ODQ4ODQ4Ni4xNzQ5MjMzNzQy*_ga_SCFS6VVNL5*czE3NDkyMzM3NDEkbzEkZzAkdDE3NDkyMzM3NDUkajYwJGwwJGgw*_gcl_au*OTYzNjIwNjgxLjE3NDkyMzM3NDU.\">PRENOTA<\/a><\/div>\n<\/div>\n\n\n\n<h4 class=\"wp-block-heading\" id=\"h-pacifismo-eversivo-nella-commedia-del-500-diretta-da-simone-toni-una-nuova-messa-in-scena-di-ruzante-con-attrici-e-attori-formati-alla-scuola-del-piccolo-teatro-di-milano-tutte-e-tutti-ex-allieve-e-allievi-del-maestro-gianfranco-de-bosio\" style=\"margin-top:var(--wp--preset--spacing--40);margin-bottom:var(--wp--preset--spacing--40)\">Pacifismo eversivo nella commedia del 500<br><br>Diretta da Simone Toni, una nuova messa in scena di\u00a0<em>Ruzante<\/em>\u00a0con attrici e attori formati alla Scuola del Piccolo Teatro di Milano, tutte e tutti ex allieve e allievi del Maestro Gianfranco de Bosio.<\/h4>\n\n\n\n<p style=\"margin-bottom:var(--wp--preset--spacing--40)\">Per gli ex allievi riuniti per questa occasione, il dovere e il piacere di ricordare il Maestro Gianfranco de Bosio e di tramandare i suoi insegnamenti \u00e8 importante, non solo per una questione affettiva o personale, ma per quello che il Maestro \u00e8 stato per la storia del teatro italiano e per il lavoro che di pi\u00f9 lo ha contraddistinto e appassionato: la riscoperta e la messinscena di tutto il teatro di Angelo Beolco, detto il Ruzante (1500-1542).\u00a0<br>All&#8217;immagine di Beolco quale buffone povero, dissoluto e privo di reale cultura, grazie al lavoro di de Bosio e Zorzi, viene oggi sostituita la visione di un autore perfettamente consapevole della sua anti-letterariet\u00e0 e del suo realismo. Un autore piuttosto \u201cnascosto\u201d nella storia della letteratura italiana, forse perch\u00e9 scriveva in dialetto padovano, forse perch\u00e9 porta nella letteratura un ripudio della guerra che sconfina nella dissacrazione.\u00a0<br><br><strong>Per coloro che prenotano il biglietto dello spettacolo, \u00e8 possibile visitare la Pinacoteca di Brera prima dello spettacolo, dalle 19.30 alle 20.30.<\/strong><\/p>\n\n\n\n<p style=\"margin-bottom:var(--wp--preset--spacing--40)\"><strong>Durata:<\/strong>&nbsp;1 ora e 30 minuti senza intervallo<\/p>\n\n\n\n<div class=\"wp-block-buttons is-layout-flex wp-block-buttons-is-layout-flex\">\n<div class=\"wp-block-button is-style-follow\"><a class=\"wp-block-button__link wp-element-button\" href=\"https:\/\/ticketshop.piccoloteatro.org\/selection\/event\/date?lang=it&amp;productId=10228632653633&amp;ot=1&amp;_gl=1*vnq20r*_ga*MTY0ODQ4ODQ4Ni4xNzQ5MjMzNzQy*_ga_SCFS6VVNL5*czE3NDkyMzM3NDEkbzEkZzAkdDE3NDkyMzM3NDUkajYwJGwwJGgw*_gcl_au*OTYzNjIwNjgxLjE3NDkyMzM3NDU.\">PRENOTA<\/a><\/div>\n<\/div>\n<\/div>\n\n\n\n<div class=\"wp-block-column is-layout-flow wp-block-column-is-layout-flow\" style=\"flex-basis:50%\"><\/div>\n<\/div>\n<\/div>\n<\/div>\n\n\n\n<div class=\"wp-block-group alignfull links-wrapper padding is-layout-flow wp-block-group-is-layout-flow\">\n<div class=\"wp-block-group alignwide is-layout-flow wp-block-group-is-layout-flow\">\n<div class=\"wp-block-columns is-layout-flex wp-container-core-columns-is-layout-9d6595d7 wp-block-columns-is-layout-flex\">\n<div class=\"wp-block-column left is-layout-flow wp-block-column-is-layout-flow\">\n<h4 class=\"wp-block-heading\" id=\"h-pinacoteca-di-brera\" style=\"margin-bottom:var(--wp--preset--spacing--40)\">Pinacoteca di Brera<\/h4>\n\n\n\n<p style=\"margin-bottom:var(--wp--preset--spacing--40)\">Via Brera, 28<br>20121 Milano<br>fax: +39 02 720 011 40<\/p>\n\n\n\n<p><strong>Segreteria<br><\/strong><a href=\"mailto:pin-br@cultura.gov.it\">pin-br@cultura.gov.it<\/a><\/p>\n<\/div>\n\n\n\n<div class=\"wp-block-column right is-layout-flow wp-block-column-is-layout-flow\">\n<h4 class=\"wp-block-heading\" id=\"h-prenota\" style=\"margin-bottom:var(--wp--preset--spacing--40)\">Prenota<\/h4>\n\n\n\n<p style=\"margin-bottom:var(--wp--preset--spacing--60)\"><a href=\"https:\/\/pinacotecadibrera.eventim-inhouse.de\/webshop\/webticket\/timeslot\" target=\"_blank\" rel=\"noreferrer noopener\">brerabooking.org<\/a><\/p>\n\n\n\n<h4 class=\"wp-block-heading\" id=\"h-call-center-pinacoteca-di-brera-per-assistenza-nelle-prenotazioni\" style=\"margin-bottom:var(--wp--preset--spacing--40)\"><strong>Call Center Pinacoteca di Brera per assistenza nelle prenotazioni<\/strong><\/h4>\n\n\n\n<p>(Lun-Dom, 9.00-18.00)<br>tel: +39 02 72105 141<br>E-mail:&nbsp;<a href=\"mailto:pinacotecadibrera@operalaboratori.com\">pinacotecadibrera@ operalaboratori.com<\/a><\/p>\n<\/div>\n<\/div>\n<\/div>\n<\/div>\n\n\n\n<div class=\"wp-block-group alignfull links-wrapper padding has-theme-secondary-background-color has-background is-layout-flow wp-block-group-is-layout-flow\">\n<div class=\"wp-block-group alignwide is-layout-flow wp-block-group-is-layout-flow\">\n<div class=\"wp-block-columns is-layout-flex wp-container-core-columns-is-layout-9d6595d7 wp-block-columns-is-layout-flex\">\n<div class=\"wp-block-column left is-layout-flow wp-block-column-is-layout-flow\">\n<h4 class=\"wp-block-heading\" id=\"h-documenti-correlati\" style=\"margin-bottom:var(--wp--preset--spacing--40)\">Documenti correlati<\/h4>\n\n\n\n<div class=\"wp-block-buttons is-layout-flex wp-block-buttons-is-layout-flex\">\n<div class=\"wp-block-button is-style-download\"><a class=\"wp-block-button__link wp-element-button\" href=\"https:\/\/pinacotecabrera.org\/wp-content\/uploads\/2024\/11\/Pinacoteca-Brera-Mappa-interattiva-2023.pdf\" target=\"_blank\" rel=\"noreferrer noopener\">Mappa interattiva della Pinacoteca di Brera<\/a><\/div>\n<\/div>\n<\/div>\n\n\n\n<div class=\"wp-block-column right is-layout-flow wp-block-column-is-layout-flow\">\n<h4 class=\"wp-block-heading\" id=\"h-potrebbe-interessarti-anche\" style=\"margin-bottom:var(--wp--preset--spacing--40)\">Potrebbe interessarti anche:<\/h4>\n\n\n\n<div class=\"wp-block-buttons is-horizontal is-layout-flex wp-block-buttons-is-layout-flex\">\n<div class=\"wp-block-button is-style-follow\"><a class=\"wp-block-button__link wp-element-button\" href=\"https:\/\/pinacotecabrera.org\/visita\/ingressi\/\">Ingressi<\/a><\/div>\n\n\n\n<div class=\"wp-block-button is-style-follow\"><a class=\"wp-block-button__link wp-element-button\" href=\"https:\/\/pinacotecabrera.org\/visita\/orari\/\">Orari<\/a><\/div>\n\n\n\n<div class=\"wp-block-button is-style-follow\"><a class=\"wp-block-button__link wp-element-button\" href=\"https:\/\/pinacotecabrera.org\/visita\/accessibilita\/\">Accessibilit\u00e0<\/a><\/div>\n<\/div>\n\n\n\n<div class=\"wp-block-buttons is-horizontal is-layout-flex wp-block-buttons-is-layout-flex\">\n<div class=\"wp-block-button is-style-follow\"><a class=\"wp-block-button__link wp-element-button\" href=\"https:\/\/pinacotecabrera.org\/visita\/cosa-puoi-fare-in-museo\/\">Cosa puoi fare in museo<\/a><\/div>\n\n\n\n<div class=\"wp-block-button is-style-follow\"><a class=\"wp-block-button__link wp-element-button\" href=\"https:\/\/pinacotecadibrera.eventim-inhouse.de\/webshop\/webticket\/shop?\" target=\"_blank\" rel=\"noreferrer noopener\">Prenota<\/a><\/div>\n<\/div>\n<\/div>\n<\/div>\n<\/div>\n<\/div>\n","protected":false},"featured_media":15229,"template":"","meta":{"_acf_changed":true},"event-tax-category":[980],"events-type-tax":[16],"class_list":["post-15228","event","type-event","status-publish","has-post-thumbnail","hentry","event-tax-category-spettacolo","events-type-tax-attivita"],"acf":[],"yoast_head":"<!-- This site is optimized with the Yoast SEO Premium plugin v26.5 (Yoast SEO v26.5) - https:\/\/yoast.com\/wordpress\/plugins\/seo\/ -->\n<title>Ruzante | Pinacoteca di Brera<\/title>\n<meta name=\"description\" content=\"Diretta da Simone Toni, una nuova messa in scena di\u00a0Ruzante\u00a0con attrici e attori della Scuola del Piccolo Teatro di Milano.\" \/>\n<meta name=\"robots\" content=\"index, follow, max-snippet:-1, max-image-preview:large, max-video-preview:-1\" \/>\n<link rel=\"canonical\" href=\"https:\/\/pinacotecabrera.org\/news\/event\/ruzante\/\" \/>\n<meta property=\"og:locale\" content=\"en_US\" \/>\n<meta property=\"og:type\" content=\"article\" \/>\n<meta property=\"og:title\" content=\"Ruzante | Pinacoteca di Brera\" \/>\n<meta property=\"og:description\" content=\"Il Cortile d&#039;Onore del Palazzo di Brera ospita una nuova messa in scena di\u00a0Ruzante, diretta da Simone Toni, con attrici e attori formati alla Scuola del Piccolo Teatro di Milano, tutte e tutti ex allieve e allievi del Maestro Gianfranco de Bosio.\" \/>\n<meta property=\"og:url\" content=\"https:\/\/pinacotecabrera.org\/news\/event\/ruzante\/\" \/>\n<meta property=\"og:site_name\" content=\"Pinacoteca di Brera\" \/>\n<meta property=\"article:publisher\" content=\"https:\/\/www.facebook.com\/PinacotecadiBrera\/\" \/>\n<meta property=\"article:modified_time\" content=\"2025-06-06T18:21:41+00:00\" \/>\n<meta property=\"og:image\" content=\"https:\/\/pinacotecabrera.org\/wp-content\/uploads\/2025\/06\/Ruzante-foto-di-scena-o5.jpg\" \/>\n\t<meta property=\"og:image:width\" content=\"640\" \/>\n\t<meta property=\"og:image:height\" content=\"480\" \/>\n\t<meta property=\"og:image:type\" content=\"image\/jpeg\" \/>\n<meta name=\"twitter:card\" content=\"summary_large_image\" \/>\n<meta name=\"twitter:title\" content=\"Ruzante\" \/>\n<meta name=\"twitter:site\" content=\"@museobrera\" \/>\n<meta name=\"twitter:label1\" content=\"Est. reading time\" \/>\n\t<meta name=\"twitter:data1\" content=\"4 minutes\" \/>\n<script type=\"application\/ld+json\" class=\"yoast-schema-graph\">{\"@context\":\"https:\/\/schema.org\",\"@graph\":[{\"@type\":\"WebPage\",\"@id\":\"https:\/\/pinacotecabrera.org\/news\/event\/ruzante\/\",\"url\":\"https:\/\/pinacotecabrera.org\/news\/event\/ruzante\/\",\"name\":\"Ruzante | Pinacoteca di Brera\",\"isPartOf\":{\"@id\":\"https:\/\/pinacotecabrera.org\/#website\"},\"primaryImageOfPage\":{\"@id\":\"https:\/\/pinacotecabrera.org\/news\/event\/ruzante\/#primaryimage\"},\"image\":{\"@id\":\"https:\/\/pinacotecabrera.org\/news\/event\/ruzante\/#primaryimage\"},\"thumbnailUrl\":\"https:\/\/pinacotecabrera.org\/wp-content\/uploads\/2025\/06\/Ruzante-foto-di-scena-o5.jpg\",\"datePublished\":\"2025-06-06T18:19:30+00:00\",\"dateModified\":\"2025-06-06T18:21:41+00:00\",\"description\":\"Diretta da Simone Toni, una nuova messa in scena di\u00a0Ruzante\u00a0con attrici e attori della Scuola del Piccolo Teatro di Milano.\",\"breadcrumb\":{\"@id\":\"https:\/\/pinacotecabrera.org\/news\/event\/ruzante\/#breadcrumb\"},\"inLanguage\":\"en-US\",\"potentialAction\":[{\"@type\":\"ReadAction\",\"target\":[\"https:\/\/pinacotecabrera.org\/news\/event\/ruzante\/\"]}]},{\"@type\":\"ImageObject\",\"inLanguage\":\"en-US\",\"@id\":\"https:\/\/pinacotecabrera.org\/news\/event\/ruzante\/#primaryimage\",\"url\":\"https:\/\/pinacotecabrera.org\/wp-content\/uploads\/2025\/06\/Ruzante-foto-di-scena-o5.jpg\",\"contentUrl\":\"https:\/\/pinacotecabrera.org\/wp-content\/uploads\/2025\/06\/Ruzante-foto-di-scena-o5.jpg\",\"width\":640,\"height\":480,\"caption\":\"Ruzante\"},{\"@type\":\"BreadcrumbList\",\"@id\":\"https:\/\/pinacotecabrera.org\/news\/event\/ruzante\/#breadcrumb\",\"itemListElement\":[{\"@type\":\"ListItem\",\"position\":1,\"name\":\"Home\",\"item\":\"https:\/\/pinacotecabrera.org\/en\/\"},{\"@type\":\"ListItem\",\"position\":2,\"name\":\"Ruzante\"}]},{\"@type\":\"WebSite\",\"@id\":\"https:\/\/pinacotecabrera.org\/#website\",\"url\":\"https:\/\/pinacotecabrera.org\/\",\"name\":\"Pinacoteca di Brera\",\"description\":\"\",\"publisher\":{\"@id\":\"https:\/\/pinacotecabrera.org\/#organization\"},\"potentialAction\":[{\"@type\":\"SearchAction\",\"target\":{\"@type\":\"EntryPoint\",\"urlTemplate\":\"https:\/\/pinacotecabrera.org\/?s={search_term_string}\"},\"query-input\":{\"@type\":\"PropertyValueSpecification\",\"valueRequired\":true,\"valueName\":\"search_term_string\"}}],\"inLanguage\":\"en-US\"},{\"@type\":\"Organization\",\"@id\":\"https:\/\/pinacotecabrera.org\/#organization\",\"name\":\"Pinacoteca di Brera\",\"url\":\"https:\/\/pinacotecabrera.org\/\",\"logo\":{\"@type\":\"ImageObject\",\"inLanguage\":\"en-US\",\"@id\":\"https:\/\/pinacotecabrera.org\/#\/schema\/logo\/image\/\",\"url\":\"https:\/\/pinacotecabrera.org\/wp-content\/uploads\/2025\/09\/Pinacoteca_Brera_logo.png\",\"contentUrl\":\"https:\/\/pinacotecabrera.org\/wp-content\/uploads\/2025\/09\/Pinacoteca_Brera_logo.png\",\"width\":1100,\"height\":1100,\"caption\":\"Pinacoteca di Brera\"},\"image\":{\"@id\":\"https:\/\/pinacotecabrera.org\/#\/schema\/logo\/image\/\"},\"sameAs\":[\"https:\/\/www.facebook.com\/PinacotecadiBrera\/\",\"https:\/\/x.com\/museobrera\",\"https:\/\/www.instagram.com\/pinacotecabrera\/\",\"https:\/\/www.youtube.com\/user\/pinacotecabrera\",\"https:\/\/vimeo.com\/pinacotecabrera\"]}]}<\/script>\n<!-- \/ Yoast SEO Premium plugin. -->","yoast_head_json":{"title":"Ruzante | Pinacoteca di Brera","description":"Diretta da Simone Toni, una nuova messa in scena di\u00a0Ruzante\u00a0con attrici e attori della Scuola del Piccolo Teatro di Milano.","robots":{"index":"index","follow":"follow","max-snippet":"max-snippet:-1","max-image-preview":"max-image-preview:large","max-video-preview":"max-video-preview:-1"},"canonical":"https:\/\/pinacotecabrera.org\/news\/event\/ruzante\/","og_locale":"en_US","og_type":"article","og_title":"Ruzante | Pinacoteca di Brera","og_description":"Il Cortile d'Onore del Palazzo di Brera ospita una nuova messa in scena di\u00a0Ruzante, diretta da Simone Toni, con attrici e attori formati alla Scuola del Piccolo Teatro di Milano, tutte e tutti ex allieve e allievi del Maestro Gianfranco de Bosio.","og_url":"https:\/\/pinacotecabrera.org\/news\/event\/ruzante\/","og_site_name":"Pinacoteca di Brera","article_publisher":"https:\/\/www.facebook.com\/PinacotecadiBrera\/","article_modified_time":"2025-06-06T18:21:41+00:00","og_image":[{"width":640,"height":480,"url":"https:\/\/pinacotecabrera.org\/wp-content\/uploads\/2025\/06\/Ruzante-foto-di-scena-o5.jpg","type":"image\/jpeg"}],"twitter_card":"summary_large_image","twitter_title":"Ruzante","twitter_site":"@museobrera","twitter_misc":{"Est. reading time":"4 minutes"},"schema":{"@context":"https:\/\/schema.org","@graph":[{"@type":"WebPage","@id":"https:\/\/pinacotecabrera.org\/news\/event\/ruzante\/","url":"https:\/\/pinacotecabrera.org\/news\/event\/ruzante\/","name":"Ruzante | Pinacoteca di Brera","isPartOf":{"@id":"https:\/\/pinacotecabrera.org\/#website"},"primaryImageOfPage":{"@id":"https:\/\/pinacotecabrera.org\/news\/event\/ruzante\/#primaryimage"},"image":{"@id":"https:\/\/pinacotecabrera.org\/news\/event\/ruzante\/#primaryimage"},"thumbnailUrl":"https:\/\/pinacotecabrera.org\/wp-content\/uploads\/2025\/06\/Ruzante-foto-di-scena-o5.jpg","datePublished":"2025-06-06T18:19:30+00:00","dateModified":"2025-06-06T18:21:41+00:00","description":"Diretta da Simone Toni, una nuova messa in scena di\u00a0Ruzante\u00a0con attrici e attori della Scuola del Piccolo Teatro di Milano.","breadcrumb":{"@id":"https:\/\/pinacotecabrera.org\/news\/event\/ruzante\/#breadcrumb"},"inLanguage":"en-US","potentialAction":[{"@type":"ReadAction","target":["https:\/\/pinacotecabrera.org\/news\/event\/ruzante\/"]}]},{"@type":"ImageObject","inLanguage":"en-US","@id":"https:\/\/pinacotecabrera.org\/news\/event\/ruzante\/#primaryimage","url":"https:\/\/pinacotecabrera.org\/wp-content\/uploads\/2025\/06\/Ruzante-foto-di-scena-o5.jpg","contentUrl":"https:\/\/pinacotecabrera.org\/wp-content\/uploads\/2025\/06\/Ruzante-foto-di-scena-o5.jpg","width":640,"height":480,"caption":"Ruzante"},{"@type":"BreadcrumbList","@id":"https:\/\/pinacotecabrera.org\/news\/event\/ruzante\/#breadcrumb","itemListElement":[{"@type":"ListItem","position":1,"name":"Home","item":"https:\/\/pinacotecabrera.org\/en\/"},{"@type":"ListItem","position":2,"name":"Ruzante"}]},{"@type":"WebSite","@id":"https:\/\/pinacotecabrera.org\/#website","url":"https:\/\/pinacotecabrera.org\/","name":"Pinacoteca di Brera","description":"","publisher":{"@id":"https:\/\/pinacotecabrera.org\/#organization"},"potentialAction":[{"@type":"SearchAction","target":{"@type":"EntryPoint","urlTemplate":"https:\/\/pinacotecabrera.org\/?s={search_term_string}"},"query-input":{"@type":"PropertyValueSpecification","valueRequired":true,"valueName":"search_term_string"}}],"inLanguage":"en-US"},{"@type":"Organization","@id":"https:\/\/pinacotecabrera.org\/#organization","name":"Pinacoteca di Brera","url":"https:\/\/pinacotecabrera.org\/","logo":{"@type":"ImageObject","inLanguage":"en-US","@id":"https:\/\/pinacotecabrera.org\/#\/schema\/logo\/image\/","url":"https:\/\/pinacotecabrera.org\/wp-content\/uploads\/2025\/09\/Pinacoteca_Brera_logo.png","contentUrl":"https:\/\/pinacotecabrera.org\/wp-content\/uploads\/2025\/09\/Pinacoteca_Brera_logo.png","width":1100,"height":1100,"caption":"Pinacoteca di Brera"},"image":{"@id":"https:\/\/pinacotecabrera.org\/#\/schema\/logo\/image\/"},"sameAs":["https:\/\/www.facebook.com\/PinacotecadiBrera\/","https:\/\/x.com\/museobrera","https:\/\/www.instagram.com\/pinacotecabrera\/","https:\/\/www.youtube.com\/user\/pinacotecabrera","https:\/\/vimeo.com\/pinacotecabrera"]}]}},"_links":{"self":[{"href":"https:\/\/pinacotecabrera.org\/en\/wp-json\/wp\/v2\/event\/15228","targetHints":{"allow":["GET"]}}],"collection":[{"href":"https:\/\/pinacotecabrera.org\/en\/wp-json\/wp\/v2\/event"}],"about":[{"href":"https:\/\/pinacotecabrera.org\/en\/wp-json\/wp\/v2\/types\/event"}],"wp:featuredmedia":[{"embeddable":true,"href":"https:\/\/pinacotecabrera.org\/en\/wp-json\/wp\/v2\/media\/15229"}],"wp:attachment":[{"href":"https:\/\/pinacotecabrera.org\/en\/wp-json\/wp\/v2\/media?parent=15228"}],"wp:term":[{"taxonomy":"event-tax-category","embeddable":true,"href":"https:\/\/pinacotecabrera.org\/en\/wp-json\/wp\/v2\/event-tax-category?post=15228"},{"taxonomy":"events-type-tax","embeddable":true,"href":"https:\/\/pinacotecabrera.org\/en\/wp-json\/wp\/v2\/events-type-tax?post=15228"}],"curies":[{"name":"wp","href":"https:\/\/api.w.org\/{rel}","templated":true}]}}